{"id":7125,"date":"2019-01-22T21:08:01","date_gmt":"2019-01-22T20:08:01","guid":{"rendered":"https:\/\/www.maou.ch\/?page_id=7125"},"modified":"2021-11-30T16:14:12","modified_gmt":"2021-11-30T15:14:12","slug":"press","status":"publish","type":"page","link":"http:\/\/www.maou.ch\/fr\/press\/","title":{"rendered":"Presse"},"content":{"rendered":"<div id=\"fb-root\"><\/div>\n[spb_text_block title=&#8221;16.09.2021&#8243; pb_margin_bottom=&#8221;no&#8221; pb_border_bottom=&#8221;no&#8221; width=&#8221;1\/1&#8243; el_position=&#8221;first last&#8221;][\/spb_text_block] [spb_text_block pb_margin_bottom=&#8221;no&#8221; pb_border_bottom=&#8221;no&#8221; width=&#8221;1\/3&#8243; el_position=&#8221;first&#8221;]\n<p><img loading=\"lazy\" decoding=\"async\" class=\"size-full wp-image-8333 aligncenter\" src=\"https:\/\/www.maou.ch\/wp-content\/uploads\/2021\/10\/Maou.ch_oneFM_16.09.2021.jpg\" alt=\"\" width=\"1000\" height=\"600\" srcset=\"https:\/\/www.maou.ch\/wp-content\/uploads\/2021\/10\/Maou.ch_oneFM_16.09.2021.jpg 1000w, https:\/\/www.maou.ch\/wp-content\/uploads\/2021\/10\/Maou.ch_oneFM_16.09.2021-300x180.jpg 300w, https:\/\/www.maou.ch\/wp-content\/uploads\/2021\/10\/Maou.ch_oneFM_16.09.2021-768x461.jpg 768w, https:\/\/www.maou.ch\/wp-content\/uploads\/2021\/10\/Maou.ch_oneFM_16.09.2021-600x360.jpg 600w\" sizes=\"auto, (max-width: 1000px) 100vw, 1000px\" \/><\/p>\n[\/spb_text_block] [spb_text_block pb_margin_bottom=&#8221;no&#8221; pb_border_bottom=&#8221;no&#8221; width=&#8221;2\/3&#8243; el_position=&#8221;last&#8221;]\n<h3>BDFIL: \u00e0 la d\u00e9couverte de Maou, une jeune dessinatrice<\/h3>\n<p>La Bande dessin\u00e9e \u00e0 l\u2019honneur \u00e0 Lausanne, avec le coup d\u2019envoi ce jeudi de BDFIL.<\/p>\n<p>Au programme des expos, des rencontres avec les auteurs et surtout beaucoup de lectures \u00e0 d\u00e9couvrir.<\/p>\n<p>Cette ann\u00e9e, l\u2019invit\u00e9 d\u2019honneur est Jacques Tardi, celui qui a cr\u00e9e les Aventures extraordinaires d\u2019Ad\u00e8le Blanc-Sec. Parmi la quarantaine d\u2019artistes pr\u00e9sents pour cette 16e \u00e9dition, Maou, une jeune lausannoise qui avait gagn\u00e9 un prix \u00e0 BDFIL en 2013.<\/p>\n<p>Son dernier album est \u201cLa faute au loup\u201d.<\/p>\n<p><a href=\"https:\/\/www.onefm.ch\/emissions\/happy-hour\/le-mag\/bdfil-a-la-decouverte-de-maou-une-jeune-dessinatrice\/?fbclid=IwAR1DrUSBTnRUlcWNywQO9VpFwc9YjWSkfabG1CVMri2C80zg-lBthhQgLR8\">One FM &#8211; Happy hour &#8211; Le Mag<\/a><\/p>\n[\/spb_text_block] [spb_text_block title=&#8221;16.09.2021&#8243; pb_margin_bottom=&#8221;no&#8221; pb_border_bottom=&#8221;no&#8221; width=&#8221;1\/1&#8243; el_position=&#8221;first last&#8221;][\/spb_text_block] [spb_text_block pb_margin_bottom=&#8221;no&#8221; pb_border_bottom=&#8221;no&#8221; width=&#8221;1\/2&#8243; el_position=&#8221;first&#8221;]\n<p><iframe loading=\"lazy\" src=\"https:\/\/www.rts.ch\/play\/embed?urn=urn:rts:video:12494936&amp;subdivisions=false\" width=\"560\" height=\"315\" allowfullscreen=\"allowfullscreen\"><\/iframe><\/p>\n[\/spb_text_block] [spb_text_block pb_margin_bottom=&#8221;no&#8221; pb_border_bottom=&#8221;no&#8221; width=&#8221;1\/2&#8243; el_position=&#8221;last&#8221;]\n<h3>Ramdam: La BD fait de la r\u00e9sistance!<\/h3>\n<p>Pass\u00e9e sur le petit \u00e9cran le premier soir du festival BDFIL, l&#8217;\u00e9mission culturelle &#8220;Ramdam&#8221; de RTS Culture s&#8217;est int\u00e9ress\u00e9e \u00e0 la bande dessin\u00e9e en tant qu&#8217;art &#8220;qui r\u00e9siste&#8221;&#8230; On y retrouve nos trois b\u00fbcheuses de choc L\u00e9andre Ackermann, Maou et Fanny Vaucher pour \u00e9voquer l&#8217;aventure de La b\u00fbche, mais aussi, entre autres, les brillantes Yami Shin et Anja Kofmel!<\/p>\n<p><a href=\"https:\/\/www.rts.ch\/play\/tv\/ramdam\/video\/ramdam-la-bd-fait-de-la-resistance?urn=urn:rts:video:12494936\">Ramdam, 16.09.2021<\/a><\/p>\n[\/spb_text_block] [spb_text_block title=&#8221;01.04.2021&#8243; pb_margin_bottom=&#8221;no&#8221; pb_border_bottom=&#8221;no&#8221; width=&#8221;1\/1&#8243; el_position=&#8221;first last&#8221;][\/spb_text_block] [spb_text_block pb_margin_bottom=&#8221;no&#8221; pb_border_bottom=&#8221;no&#8221; width=&#8221;1\/3&#8243; el_position=&#8221;first&#8221;]\n<p><img loading=\"lazy\" decoding=\"async\" class=\"size-full wp-image-8338 aligncenter\" src=\"https:\/\/www.maou.ch\/wp-content\/uploads\/2021\/10\/Maou.ch_press_grandsoir.jpg\" alt=\"\" width=\"624\" height=\"351\" srcset=\"https:\/\/www.maou.ch\/wp-content\/uploads\/2021\/10\/Maou.ch_press_grandsoir.jpg 624w, https:\/\/www.maou.ch\/wp-content\/uploads\/2021\/10\/Maou.ch_press_grandsoir-300x169.jpg 300w, https:\/\/www.maou.ch\/wp-content\/uploads\/2021\/10\/Maou.ch_press_grandsoir-600x338.jpg 600w\" sizes=\"auto, (max-width: 624px) 100vw, 624px\" \/><\/p>\n[\/spb_text_block] [spb_text_block pb_margin_bottom=&#8221;no&#8221; pb_border_bottom=&#8221;no&#8221; width=&#8221;2\/3&#8243; el_position=&#8221;last&#8221;]\n<h3>Le Grand Soir<\/h3>\n<p>H\u00e9l\u00e8ne Becquelin rencontre Maou, autrice et illustratrice de bande dessin\u00e9e et membre du collectif &#8220;La B\u00fbche&#8221;<\/p>\n<p><a href=\"https:\/\/www.femina.ch\/temps-libre\/culture\/dessinatrices-de-bd-suisses-elles-cartonnent\">La 1\u00e8re &#8211; Le Grand Soir<\/a><\/p>\n[\/spb_text_block] [spb_text_block title=&#8221;04.03.2021&#8243; pb_margin_bottom=&#8221;no&#8221; pb_border_bottom=&#8221;no&#8221; width=&#8221;1\/1&#8243; el_position=&#8221;first last&#8221;][\/spb_text_block] [spb_text_block pb_margin_bottom=&#8221;no&#8221; pb_border_bottom=&#8221;no&#8221; width=&#8221;1\/3&#8243; el_position=&#8221;first&#8221;]\n<p><img loading=\"lazy\" decoding=\"async\" class=\"size-full wp-image-8335 aligncenter\" src=\"https:\/\/www.maou.ch\/wp-content\/uploads\/2021\/10\/Maou.ch_press_femina.jpg\" alt=\"\" width=\"1000\" height=\"867\" srcset=\"https:\/\/www.maou.ch\/wp-content\/uploads\/2021\/10\/Maou.ch_press_femina.jpg 1000w, https:\/\/www.maou.ch\/wp-content\/uploads\/2021\/10\/Maou.ch_press_femina-300x260.jpg 300w, https:\/\/www.maou.ch\/wp-content\/uploads\/2021\/10\/Maou.ch_press_femina-768x666.jpg 768w, https:\/\/www.maou.ch\/wp-content\/uploads\/2021\/10\/Maou.ch_press_femina-600x520.jpg 600w\" sizes=\"auto, (max-width: 1000px) 100vw, 1000px\" \/><\/p>\n[\/spb_text_block] [spb_text_block pb_margin_bottom=&#8221;no&#8221; pb_border_bottom=&#8221;no&#8221; width=&#8221;2\/3&#8243; el_position=&#8221;last&#8221;]\n<h3>Dessinatrices de BD suisses: elles cartonnent!<\/h3>\n<p>Longtemps domin\u00e9 par les hommes, l&#8217;univers de la bande dessin\u00e9e approche de l&#8217;\u00e9galit\u00e9. Les dessinatrices ont conquis leur place et, aujourd&#8217;hui, souhaitent qu&#8217;on les mette en avant pour la singularit\u00e9 de leur travail, plut\u00f4t que pour leur genre. Le\u00e7on de f\u00e9minisme sur planches et entretiens avec plusieurs illustratrices romandes.<\/p>\n<p><a href=\"https:\/\/www.femina.ch\/temps-libre\/culture\/dessinatrices-de-bd-suisses-elles-cartonnent\">Femina, 04.03.2021<\/a><\/p>\n[\/spb_text_block] [spb_text_block title=&#8221;25.01.2021&#8243; pb_margin_bottom=&#8221;no&#8221; pb_border_bottom=&#8221;no&#8221; width=&#8221;1\/1&#8243; el_position=&#8221;first last&#8221;][\/spb_text_block] [spb_text_block pb_margin_bottom=&#8221;no&#8221; pb_border_bottom=&#8221;no&#8221; width=&#8221;1\/3&#8243; el_position=&#8221;first&#8221;]\n<p><img loading=\"lazy\" decoding=\"async\" class=\"size-full wp-image-8104 aligncenter\" src=\"https:\/\/www.maou.ch\/wp-content\/uploads\/2021\/09\/Maou.ch_buche_planete.jpg\" alt=\"\" width=\"1500\" height=\"1500\" srcset=\"https:\/\/www.maou.ch\/wp-content\/uploads\/2021\/09\/Maou.ch_buche_planete.jpg 1500w, https:\/\/www.maou.ch\/wp-content\/uploads\/2021\/09\/Maou.ch_buche_planete-300x300.jpg 300w, https:\/\/www.maou.ch\/wp-content\/uploads\/2021\/09\/Maou.ch_buche_planete-1024x1024.jpg 1024w, https:\/\/www.maou.ch\/wp-content\/uploads\/2021\/09\/Maou.ch_buche_planete-150x150.jpg 150w, https:\/\/www.maou.ch\/wp-content\/uploads\/2021\/09\/Maou.ch_buche_planete-768x768.jpg 768w, https:\/\/www.maou.ch\/wp-content\/uploads\/2021\/09\/Maou.ch_buche_planete-250x250.jpg 250w, https:\/\/www.maou.ch\/wp-content\/uploads\/2021\/09\/Maou.ch_buche_planete-1280x1280.jpg 1280w, https:\/\/www.maou.ch\/wp-content\/uploads\/2021\/09\/Maou.ch_buche_planete-600x600.jpg 600w, https:\/\/www.maou.ch\/wp-content\/uploads\/2021\/09\/Maou.ch_buche_planete-100x100.jpg 100w\" sizes=\"auto, (max-width: 1500px) 100vw, 1500px\" \/><\/p>\n[\/spb_text_block] [spb_text_block pb_margin_bottom=&#8221;no&#8221; pb_border_bottom=&#8221;no&#8221; width=&#8221;2\/3&#8243; el_position=&#8221;last&#8221;]\n<h3>La B\u00fbche nomin\u00e9e au festival de BD d&#8217;Angoul\u00eame 2021<\/h3>\n<p>Notre hors-s\u00e9rie &#8220;La plan\u00e8te&#8221; est dans liste des publications en lice pour le 40e Prix de la BD Alternative du Fibd Angouleme! C&#8217;est d&#8217;ailleurs la seule publication de Suisse \u00e0 concourir dans cette cat\u00e9gorie. Signe des difficult\u00e9s actuelles, moins de publications ont en effet \u00e9t\u00e9 envoy\u00e9es, selon un nouvel article d&#8217;ActuaBD.<\/p>\n<p><a href=\"https:\/\/www.bdangouleme.com\/prix-de-la-bande-dessinee-alternative-2021?fbclid=IwAR0LP-5g1J92iwm5djAXr8jlRCnqd9mt-PbO0RxBug7TdO3q7FS0q_ji0MQ\">BD Angoul\u00eame<\/a><\/p>\n[\/spb_text_block] [spb_text_block title=&#8221;15.06.2019&#8243; pb_margin_bottom=&#8221;no&#8221; pb_border_bottom=&#8221;no&#8221; width=&#8221;1\/1&#8243; el_position=&#8221;first last&#8221;][\/spb_text_block] [spb_text_block pb_margin_bottom=&#8221;no&#8221; pb_border_bottom=&#8221;no&#8221; width=&#8221;1\/3&#8243; el_position=&#8221;first&#8221;]\n<p><img loading=\"lazy\" decoding=\"async\" class=\"size-full wp-image-8341 aligncenter\" src=\"https:\/\/www.maou.ch\/wp-content\/uploads\/2021\/10\/Maou.ch_press_letemps.jpg\" alt=\"\" width=\"960\" height=\"960\" srcset=\"https:\/\/www.maou.ch\/wp-content\/uploads\/2021\/10\/Maou.ch_press_letemps.jpg 960w, https:\/\/www.maou.ch\/wp-content\/uploads\/2021\/10\/Maou.ch_press_letemps-300x300.jpg 300w, https:\/\/www.maou.ch\/wp-content\/uploads\/2021\/10\/Maou.ch_press_letemps-150x150.jpg 150w, https:\/\/www.maou.ch\/wp-content\/uploads\/2021\/10\/Maou.ch_press_letemps-768x768.jpg 768w, https:\/\/www.maou.ch\/wp-content\/uploads\/2021\/10\/Maou.ch_press_letemps-250x250.jpg 250w, https:\/\/www.maou.ch\/wp-content\/uploads\/2021\/10\/Maou.ch_press_letemps-600x600.jpg 600w, https:\/\/www.maou.ch\/wp-content\/uploads\/2021\/10\/Maou.ch_press_letemps-100x100.jpg 100w\" sizes=\"auto, (max-width: 960px) 100vw, 960px\" \/><\/p>\n[\/spb_text_block] [spb_text_block pb_margin_bottom=&#8221;no&#8221; pb_border_bottom=&#8221;no&#8221; width=&#8221;2\/3&#8243; el_position=&#8221;last&#8221;]\n<h3>Au temps du coronavirus: les laur\u00e9ats de notre concours de dessin<\/h3>\n<p>De par son format original et la vivacit\u00e9 de son trait, ce strip en 13 cases de Maou, 30 ans, Lausanne, \u00e0 l\u2019\u00e9l\u00e9gante approche chromatique am\u00e8ne une narration plus lente, \u00e0 l\u2019image des rythmes de vie ralentis au temps du confinement.<\/p>\n<p><a href=\"https:\/\/www.letemps.ch\/culture\/temps-coronavirus-laureats-concours-dessin?fbclid=IwAR1VHb3XkHjlTWl7YxUuUCFrockNGojAvY5DnykiuMLRDPDy096PUbBf-So\">Le Temps<\/a><\/p>\n[\/spb_text_block] [spb_text_block title=&#8221;20.02.2020&#8243; pb_margin_bottom=&#8221;no&#8221; pb_border_bottom=&#8221;no&#8221; width=&#8221;1\/1&#8243; el_position=&#8221;first last&#8221;][\/spb_text_block] [spb_text_block pb_margin_bottom=&#8221;no&#8221; pb_border_bottom=&#8221;no&#8221; width=&#8221;1\/3&#8243; el_position=&#8221;first&#8221;]\n<p><img loading=\"lazy\" decoding=\"async\" class=\"size-full wp-image-8343 aligncenter\" src=\"https:\/\/www.maou.ch\/wp-content\/uploads\/2021\/10\/Maou.ch_press_france3.jpg\" alt=\"\" width=\"1002\" height=\"522\" srcset=\"https:\/\/www.maou.ch\/wp-content\/uploads\/2021\/10\/Maou.ch_press_france3.jpg 1002w, https:\/\/www.maou.ch\/wp-content\/uploads\/2021\/10\/Maou.ch_press_france3-300x156.jpg 300w, https:\/\/www.maou.ch\/wp-content\/uploads\/2021\/10\/Maou.ch_press_france3-768x400.jpg 768w, https:\/\/www.maou.ch\/wp-content\/uploads\/2021\/10\/Maou.ch_press_france3-600x313.jpg 600w\" sizes=\"auto, (max-width: 1002px) 100vw, 1002px\" \/><\/p>\n[\/spb_text_block] [spb_text_block pb_margin_bottom=&#8221;no&#8221; pb_border_bottom=&#8221;no&#8221; width=&#8221;2\/3&#8243; el_position=&#8221;last&#8221;]\n<h3>La B\u00fbche: un collectif d&#8217;autrices de bande dessin\u00e9e<\/h3>\n<p><a href=\"https:\/\/france3-regions.francetvinfo.fr\/auvergne-rhone-alpes\/emissions\/transfrontieres\">France 3<\/a><\/p>\n[\/spb_text_block] [spb_text_block title=&#8221;15.06.2019&#8243; pb_margin_bottom=&#8221;no&#8221; pb_border_bottom=&#8221;no&#8221; width=&#8221;1\/1&#8243; el_position=&#8221;first last&#8221;][\/spb_text_block] [spb_text_block pb_margin_bottom=&#8221;no&#8221; pb_border_bottom=&#8221;no&#8221; width=&#8221;1\/3&#8243; el_position=&#8221;first&#8221;]\n<p><img loading=\"lazy\" decoding=\"async\" class=\"size-full wp-image-7657 aligncenter\" src=\"https:\/\/www.maou.ch\/wp-content\/uploads\/2020\/01\/Maou.ch_labuche5-1.jpg\" alt=\"\" width=\"1280\" height=\"1810\" srcset=\"https:\/\/www.maou.ch\/wp-content\/uploads\/2020\/01\/Maou.ch_labuche5-1.jpg 1280w, https:\/\/www.maou.ch\/wp-content\/uploads\/2020\/01\/Maou.ch_labuche5-1-212x300.jpg 212w, https:\/\/www.maou.ch\/wp-content\/uploads\/2020\/01\/Maou.ch_labuche5-1-768x1086.jpg 768w, https:\/\/www.maou.ch\/wp-content\/uploads\/2020\/01\/Maou.ch_labuche5-1-724x1024.jpg 724w, https:\/\/www.maou.ch\/wp-content\/uploads\/2020\/01\/Maou.ch_labuche5-1-600x848.jpg 600w\" sizes=\"auto, (max-width: 1280px) 100vw, 1280px\" \/><\/p>\n[\/spb_text_block] [spb_text_block pb_margin_bottom=&#8221;no&#8221; pb_border_bottom=&#8221;no&#8221; width=&#8221;2\/3&#8243; el_position=&#8221;last&#8221;]\n<h3>La B\u00fbche nomin\u00e9e au festival de BD d&#8217;Angoul\u00eame 2020<\/h3>\n<h5>Depuis 1982, le festival International de la Bande Dessin\u00e9e d\u2019Angoul\u00eame d\u00e9cerne chaque ann\u00e9e un Prix qui r\u00e9compense la meilleure production mondiale dans le domaine des fanzines et de la Bande Dessin\u00e9e Alternative.<\/h5>\n<p>Les candidats sont tous des recueils collectifs qui publient plusieurs auteurs diff\u00e9rents, \u00e9dit\u00e9s par des structures non-professionnelles. Ce Prix, unique dans son genre, a permis de faire conna\u00eetre la production de tr\u00e8s nombreux auteurs \u00e0 leurs d\u00e9buts. Lewis Trondheim publiait r\u00e9guli\u00e8rement dans le fanzine Le L\u00e9zard laur\u00e9at en 1990, bien avant d\u2019\u00eatre \u00e9lu Grand Prix en 2006. De m\u00eame, le tandem Dupuy-Berberian se faisaient remarquer d\u00e8s 1982 dans les pages du premier laur\u00e9at en 1982 avant de d\u00e9crocher le Grand Prix en 2008. Et de nombreux membres de l&#8217;Acad\u00e9mie des Grand Prix (y compris celui de 2018, Richard Corben) ont publi\u00e9 leurs premi\u00e8res histoires dans les Fanzines.<\/p>\n<p><a href=\"https:\/\/www.bdangouleme.com\/prix-bd-alternative-2020?fbclid=IwAR2W7LRvEi6qB0zikiWoGITM5ecMiVl3nsOBZR-OBBdAmrTFp1rhCNQQXLw\">Janvier 2020<\/a><\/p>\n[\/spb_text_block] [spb_text_block title=&#8221;15.06.2019&#8243; pb_margin_bottom=&#8221;no&#8221; pb_border_bottom=&#8221;no&#8221; width=&#8221;1\/1&#8243; el_position=&#8221;first last&#8221;][\/spb_text_block] [spb_text_block pb_margin_bottom=&#8221;no&#8221; pb_border_bottom=&#8221;no&#8221; width=&#8221;2\/3&#8243; el_position=&#8221;first&#8221;]\n<p><iframe loading=\"lazy\" src=\"\/\/tp.srgssr.ch\/p\/srf\/embed?urn=urn:rts:video:10508047&amp;start=\" name=\"Des auteures de bande dessin\u00e9e ont r\u00e9alis\u00e9 un ouvrage collectif lors de la gr\u00e8ve des femmes\" width=\"624\" height=\"351\" frameborder=\"0\" allowfullscreen=\"allowfullscreen\"><\/iframe><\/p>\n[\/spb_text_block] [spb_text_block pb_margin_bottom=&#8221;no&#8221; pb_border_bottom=&#8221;no&#8221; width=&#8221;1\/3&#8243; el_position=&#8221;last&#8221;]\n<h3>Des auteures de bande dessin\u00e9e ont r\u00e9alis\u00e9 un ouvrage collectif lors de la gr\u00e8ve des femmes<\/h3>\n<h5>R\u00e9alisation d\u2019un reportage en bande dessin\u00e9e sur la gr\u00e8ve des femmes du 14 juin 2019 lors d\u2019un workshop avec l\u2019autrice Lisa Mandel. Le r\u00e9sultat de ce travail fut publi\u00e9 dans un fanzine \u00e0 consulter ici &gt;\u00a0<a href=\"https:\/\/la-buche.ch\/portfolio\/la-greve\">site de La B\u00fbche<\/a>. Dessins en live lors de la s\u00e9ance d\u2019ouverture du festival.<\/h5>\n<p><a href=\"https:\/\/www.rts.ch\/play\/tv\/19h30\/video\/des-auteures-de-bande-dessinee-ont-realise-un-ouvrage-collectif-lors-de-la-greve-des-femmes?id=10508047&amp;fbclid=IwAR29_fYNw91ybwTyKE7NGBcRpRaRoDDVMDJIWUOpZ729TU2LRA7XzjJW458\">19h30, 15.06.2019<\/a><\/p>\n[\/spb_text_block] [spb_text_block title=&#8221;13.02.2019&#8243; pb_margin_bottom=&#8221;no&#8221; pb_border_bottom=&#8221;no&#8221; width=&#8221;1\/1&#8243; el_position=&#8221;first last&#8221;][\/spb_text_block] [spb_text_block pb_margin_bottom=&#8221;no&#8221; pb_border_bottom=&#8221;no&#8221; width=&#8221;1\/2&#8243; el_position=&#8221;first&#8221;]\n<p><iframe loading=\"lazy\" src=\"https:\/\/www.youtube.com\/embed\/jiVDHVfYseo\" width=\"560\" height=\"315\" frameborder=\"0\" allowfullscreen=\"allowfullscreen\"><\/iframe><\/p>\n[\/spb_text_block] [spb_text_block pb_margin_bottom=&#8221;no&#8221; pb_border_bottom=&#8221;no&#8221; width=&#8221;1\/2&#8243; el_position=&#8221;last&#8221;]\n<h3>La dessinatrice Maou vernit son fanzine &#8220;L&#8217;exp\u00e9dition&#8221;<\/h3>\n<p><iframe loading=\"lazy\" src=\"\/\/tp.srgssr.ch\/p\/srf\/embed?urn=urn:rts:audio:10196470&amp;start=\" name=\"La dessinatrice Maou vernit son fanzine &quot;L\" width=\"392\" height=\"58\" frameborder=\"0\" allowfullscreen=\"allowfullscreen\"><\/iframe><\/p>\n<p><a href=\"https:\/\/www.rts.ch\/play\/radio\/pony-express\/audio\/la-dessinatrice-maou-vernit-son-fanzine-lexpedition?id=10196470\">Pony Express, Couleur 3, 13.02.2019, 11h30<\/a><\/p>\n[\/spb_text_block] [spb_text_block title=&#8221;13.02.2019&#8243; pb_margin_bottom=&#8221;no&#8221; pb_border_bottom=&#8221;no&#8221; width=&#8221;1\/1&#8243; el_position=&#8221;first last&#8221;][\/spb_text_block] [spb_text_block pb_margin_bottom=&#8221;no&#8221; pb_border_bottom=&#8221;no&#8221; width=&#8221;1\/3&#8243; el_position=&#8221;first&#8221;]\n<p><img loading=\"lazy\" decoding=\"async\" class=\"size-full wp-image-7215 aligncenter\" src=\"https:\/\/www.maou.ch\/wp-content\/uploads\/2019\/03\/Maou.ch_radiovostok.jpg\" alt=\"\" width=\"900\" height=\"675\" srcset=\"https:\/\/www.maou.ch\/wp-content\/uploads\/2019\/03\/Maou.ch_radiovostok.jpg 900w, https:\/\/www.maou.ch\/wp-content\/uploads\/2019\/03\/Maou.ch_radiovostok-300x225.jpg 300w, https:\/\/www.maou.ch\/wp-content\/uploads\/2019\/03\/Maou.ch_radiovostok-768x576.jpg 768w, https:\/\/www.maou.ch\/wp-content\/uploads\/2019\/03\/Maou.ch_radiovostok-94x70.jpg 94w, https:\/\/www.maou.ch\/wp-content\/uploads\/2019\/03\/Maou.ch_radiovostok-600x450.jpg 600w\" sizes=\"auto, (max-width: 900px) 100vw, 900px\" \/><\/p>\n[\/spb_text_block] [spb_text_block pb_margin_bottom=&#8221;no&#8221; pb_border_bottom=&#8221;no&#8221; width=&#8221;2\/3&#8243; el_position=&#8221;last&#8221;]\n<h3>Des nouvelles de fanzines genevois &#8211; Interview &#8211; La Quotidienne<\/h3>\n<h5>Nous avions suivi la B\u00fbche et la Mouche l&#8217;ann\u00e9e derni\u00e8re, alors que des actualit\u00e9s br\u00fblantes les embrasaient. Nous les retrouvons aujourd&#8217;hui pour voir le chemin parcouru, les succ\u00e8s, les r\u00eaves, les actus. Et accueillons \u00e9galement deux nouveaux fanzine &#8220;Bagarre&#8221;, et &#8220;L&#8217;exp\u00e9dition&#8221;. Avec nous pour en parler, Maou, Ivan et St\u00e9phanie Probst.<\/h5>\n<p>Interview par Chlo\u00e9 &gt; <a href=\"https:\/\/bit.ly\/2TlW2RR\">https:\/\/bit.ly\/2TlW2RR<\/a><\/p>\n<p><a href=\"https:\/\/www.mixcloud.com\/RadioVostok\/des-nouvelles-de-fanzines-genevois-interview-la-quotidienne\/?utm_campaign=notification_new_upload&amp;utm_medium=email&amp;utm_source=notification&amp;utm_content=html\">Radio Vostok, 13.02.2019, 17h30<\/a><\/p>\n[\/spb_text_block] [spb_text_block title=&#8221;09.02.2019&#8243; pb_margin_bottom=&#8221;no&#8221; pb_border_bottom=&#8221;no&#8221; width=&#8221;1\/1&#8243; el_position=&#8221;first last&#8221;][\/spb_text_block] [spb_text_block pb_margin_bottom=&#8221;no&#8221; pb_border_bottom=&#8221;no&#8221; width=&#8221;1\/3&#8243; el_position=&#8221;first&#8221;]\n<p><img loading=\"lazy\" decoding=\"async\" class=\"size-full wp-image-7217 aligncenter\" src=\"https:\/\/www.maou.ch\/wp-content\/uploads\/2019\/03\/Maou.ch_frequencebanane.jpg\" alt=\"\" width=\"1000\" height=\"1000\" srcset=\"https:\/\/www.maou.ch\/wp-content\/uploads\/2019\/03\/Maou.ch_frequencebanane.jpg 1000w, https:\/\/www.maou.ch\/wp-content\/uploads\/2019\/03\/Maou.ch_frequencebanane-150x150.jpg 150w, https:\/\/www.maou.ch\/wp-content\/uploads\/2019\/03\/Maou.ch_frequencebanane-300x300.jpg 300w, https:\/\/www.maou.ch\/wp-content\/uploads\/2019\/03\/Maou.ch_frequencebanane-768x768.jpg 768w, https:\/\/www.maou.ch\/wp-content\/uploads\/2019\/03\/Maou.ch_frequencebanane-250x250.jpg 250w, https:\/\/www.maou.ch\/wp-content\/uploads\/2019\/03\/Maou.ch_frequencebanane-600x600.jpg 600w, https:\/\/www.maou.ch\/wp-content\/uploads\/2019\/03\/Maou.ch_frequencebanane-100x100.jpg 100w\" sizes=\"auto, (max-width: 1000px) 100vw, 1000px\" \/><\/p>\n[\/spb_text_block] [spb_text_block pb_margin_bottom=&#8221;no&#8221; pb_border_bottom=&#8221;no&#8221; width=&#8221;2\/3&#8243; el_position=&#8221;last&#8221;]\n<h3>Journ\u00e9e de r\u00e9colte de fonds pour le projet Ecolabel de la SCS<\/h3>\n<p>Fr\u00e9quence Banane, le 09.02.2019<\/p>\n[\/spb_text_block] [spb_text_block title=&#8221;08.02.2019&#8243; pb_margin_bottom=&#8221;no&#8221; pb_border_bottom=&#8221;no&#8221; width=&#8221;1\/1&#8243; el_position=&#8221;first last&#8221;][\/spb_text_block] [spb_text_block pb_margin_bottom=&#8221;no&#8221; pb_border_bottom=&#8221;no&#8221; width=&#8221;1\/3&#8243; el_position=&#8221;first&#8221;]\n<p><img loading=\"lazy\" decoding=\"async\" class=\"alignnone size-full wp-image-7221\" src=\"https:\/\/www.maou.ch\/wp-content\/uploads\/2019\/03\/Photo-08-02-2019-13-59-37.jpg\" alt=\"\" width=\"576\" height=\"1024\" srcset=\"https:\/\/www.maou.ch\/wp-content\/uploads\/2019\/03\/Photo-08-02-2019-13-59-37.jpg 576w, https:\/\/www.maou.ch\/wp-content\/uploads\/2019\/03\/Photo-08-02-2019-13-59-37-169x300.jpg 169w\" sizes=\"auto, (max-width: 576px) 100vw, 576px\" \/><\/p>\n[\/spb_text_block] [spb_text_block pb_margin_bottom=&#8221;no&#8221; pb_border_bottom=&#8221;no&#8221; width=&#8221;2\/3&#8243; el_position=&#8221;last&#8221;]\n<h3>Bestiaire<\/h3>\n<p>Tribune de Gen\u00e8ve, le 08.02.2019<\/p>\n[\/spb_text_block] [spb_text_block title=&#8221;15.09.2018&#8243; pb_margin_bottom=&#8221;no&#8221; pb_border_bottom=&#8221;no&#8221; width=&#8221;1\/1&#8243; el_position=&#8221;first last&#8221;][\/spb_text_block] [spb_text_block pb_margin_bottom=&#8221;no&#8221; pb_border_bottom=&#8221;no&#8221; width=&#8221;1\/2&#8243; el_position=&#8221;first&#8221;]\n<p><iframe loading=\"lazy\" src=\"https:\/\/www.youtube.com\/embed\/iza41lTChk0\" width=\"560\" height=\"315\" frameborder=\"0\" allowfullscreen=\"allowfullscreen\"><\/iframe><\/p>\n[\/spb_text_block] [spb_text_block pb_margin_bottom=&#8221;no&#8221; pb_border_bottom=&#8221;no&#8221; width=&#8221;1\/2&#8243; el_position=&#8221;last&#8221;]\n<h3>Interview de Maou, autrice de BD suisse<\/h3>\n<p>Louise Saudan, pour le CFJM, le 15.09.2018<\/p>\n[\/spb_text_block] [spb_text_block title=&#8221;22.06.2018&#8243; pb_margin_bottom=&#8221;no&#8221; pb_border_bottom=&#8221;no&#8221; width=&#8221;1\/1&#8243; el_position=&#8221;first last&#8221;][\/spb_text_block] [spb_text_block pb_margin_bottom=&#8221;no&#8221; pb_border_bottom=&#8221;no&#8221; width=&#8221;1\/3&#8243; el_position=&#8221;first&#8221;]\n<p><img loading=\"lazy\" decoding=\"async\" class=\"size-full wp-image-7140 aligncenter\" src=\"https:\/\/www.maou.ch\/wp-content\/uploads\/2019\/01\/Maou.ch_presse_salondulivre.jpeg\" alt=\"\" width=\"624\" height=\"351\" srcset=\"https:\/\/www.maou.ch\/wp-content\/uploads\/2019\/01\/Maou.ch_presse_salondulivre.jpeg 624w, https:\/\/www.maou.ch\/wp-content\/uploads\/2019\/01\/Maou.ch_presse_salondulivre-300x169.jpeg 300w, https:\/\/www.maou.ch\/wp-content\/uploads\/2019\/01\/Maou.ch_presse_salondulivre-600x338.jpeg 600w\" sizes=\"auto, (max-width: 624px) 100vw, 624px\" \/><\/p>\n[\/spb_text_block] [spb_text_block pb_margin_bottom=&#8221;no&#8221; pb_border_bottom=&#8221;no&#8221; width=&#8221;2\/3&#8243; el_position=&#8221;last&#8221;]\n<h3>En direct du Salon du livre<\/h3>\n<h5>Avec en invit\u00e9s:<br \/>\n&#8211; Olivier Borda\u00e7arre, auteur<br \/>\n&#8211; Jordi Gabioud, booktubeur<br \/>\n&#8211; Matthieu Berthod, auteur<br \/>\n&#8211; Laurence Hugues, directrice de l&#8217;Alliance des \u00e9diteurs ind\u00e9pendants<br \/>\n&#8211; Maou, auteure de bande dessin\u00e9e<\/h5>\n<p><a href=\"https:\/\/www.rts.ch\/play\/radio\/vertigo\/audio\/en-direct-du-salon-du-livre?id=9480390\">Vertigo, La Premi\u00e8re, 26.04.2018, 16h30<\/a><\/p>\n<p><iframe loading=\"lazy\" src=\"\/\/tp.srgssr.ch\/p\/srf\/embed?urn=urn:rts:audio:9480390&amp;start=\" name=\"En direct du Salon du livre\" width=\"392\" height=\"58\" frameborder=\"0\" allowfullscreen=\"allowfullscreen\" data-mce-fragment=\"1\"><\/iframe><\/p>\n[\/spb_text_block] [blank_spacer height=&#8221;20px&#8221; width=&#8221;1\/1&#8243; el_position=&#8221;first last&#8221;] [spb_text_block title=&#8221;29.09.2017&#8243; pb_margin_bottom=&#8221;no&#8221; pb_border_bottom=&#8221;no&#8221; width=&#8221;1\/1&#8243; el_position=&#8221;first last&#8221;][\/spb_text_block] [spb_text_block pb_margin_bottom=&#8221;no&#8221; pb_border_bottom=&#8221;no&#8221; width=&#8221;1\/4&#8243; el_position=&#8221;first&#8221;]\n<p><img loading=\"lazy\" decoding=\"async\" class=\"size-full wp-image-6789 aligncenter\" src=\"https:\/\/www.maou.ch\/wp-content\/uploads\/2017\/09\/Maou.ch_LF_T1-5.jpg\" alt=\"\" width=\"1000\" height=\"1000\" srcset=\"https:\/\/www.maou.ch\/wp-content\/uploads\/2017\/09\/Maou.ch_LF_T1-5.jpg 1000w, https:\/\/www.maou.ch\/wp-content\/uploads\/2017\/09\/Maou.ch_LF_T1-5-300x300.jpg 300w, https:\/\/www.maou.ch\/wp-content\/uploads\/2017\/09\/Maou.ch_LF_T1-5-100x100.jpg 100w, https:\/\/www.maou.ch\/wp-content\/uploads\/2017\/09\/Maou.ch_LF_T1-5-600x600.jpg 600w, https:\/\/www.maou.ch\/wp-content\/uploads\/2017\/09\/Maou.ch_LF_T1-5-150x150.jpg 150w, https:\/\/www.maou.ch\/wp-content\/uploads\/2017\/09\/Maou.ch_LF_T1-5-768x768.jpg 768w, https:\/\/www.maou.ch\/wp-content\/uploads\/2017\/09\/Maou.ch_LF_T1-5-250x250.jpg 250w\" sizes=\"auto, (max-width: 1000px) 100vw, 1000px\" \/><\/p>\n[\/spb_text_block] [spb_text_block pb_margin_bottom=&#8221;no&#8221; pb_border_bottom=&#8221;no&#8221; width=&#8221;3\/4&#8243; el_position=&#8221;last&#8221;]\n<h3 class=\"info-sport\">La b\u00e9d\u00e9iste lausannoise Maou croque l&#8217;absurdit\u00e9 de la vie de bureau<\/h3>\n<h5>Bande dessin\u00e9e autobiographique, &#8220;La F\u00e9d\u00e9ration&#8221; raconte de mani\u00e8re d\u00e9sopilante la vie quotidienne d&#8217;une fille engag\u00e9e comme graphiste mais qu&#8217;on persiste \u00e0 traiter en stagiaire. Elle est sign\u00e9e par la Lausannoise Maou.<\/h5>\n<p>Lire l&#8217;article entier publi\u00e9 le 29 septembre 2017 \u00e0 08:21 sur rts.ch &gt; <a href=\"https:\/\/www.rts.ch\/info\/culture\/8957105-la-bedeiste-lausannoise-maou-croque-l-absurdite-de-la-vie-de-bureau.html\">https:\/\/www.rts.ch\/info\/culture\/8957105-la-bedeiste-lausannoise-maou-croque-l-absurdite-de-la-vie-de-bureau.html<\/a><\/p>\n[\/spb_text_block] [blank_spacer height=&#8221;20px&#8221; width=&#8221;1\/1&#8243; el_position=&#8221;first last&#8221;] [spb_text_block title=&#8221;22.09.2017&#8243; pb_margin_bottom=&#8221;no&#8221; pb_border_bottom=&#8221;no&#8221; width=&#8221;1\/1&#8243; el_position=&#8221;first last&#8221;][\/spb_text_block] [spb_text_block pb_margin_bottom=&#8221;no&#8221; pb_border_bottom=&#8221;no&#8221; width=&#8221;1\/4&#8243; el_position=&#8221;first&#8221;]\n<p><img loading=\"lazy\" decoding=\"async\" class=\"size-full wp-image-7126 aligncenter\" src=\"https:\/\/www.maou.ch\/wp-content\/uploads\/2019\/01\/Maou.ch_LF_affiche_vernissage-web-copie.jpg\" alt=\"\" width=\"1684\" height=\"2384\" srcset=\"https:\/\/www.maou.ch\/wp-content\/uploads\/2019\/01\/Maou.ch_LF_affiche_vernissage-web-copie.jpg 1684w, https:\/\/www.maou.ch\/wp-content\/uploads\/2019\/01\/Maou.ch_LF_affiche_vernissage-web-copie-212x300.jpg 212w, https:\/\/www.maou.ch\/wp-content\/uploads\/2019\/01\/Maou.ch_LF_affiche_vernissage-web-copie-768x1087.jpg 768w, https:\/\/www.maou.ch\/wp-content\/uploads\/2019\/01\/Maou.ch_LF_affiche_vernissage-web-copie-723x1024.jpg 723w, https:\/\/www.maou.ch\/wp-content\/uploads\/2019\/01\/Maou.ch_LF_affiche_vernissage-web-copie-1280x1812.jpg 1280w, https:\/\/www.maou.ch\/wp-content\/uploads\/2019\/01\/Maou.ch_LF_affiche_vernissage-web-copie-600x849.jpg 600w\" sizes=\"auto, (max-width: 1684px) 100vw, 1684px\" \/><\/p>\n[\/spb_text_block] [spb_text_block pb_margin_bottom=&#8221;no&#8221; pb_border_bottom=&#8221;no&#8221; width=&#8221;3\/4&#8243; el_position=&#8221;last&#8221;]\n<h3>L&#8217;invit\u00e9e de Pony Express: l&#8217;illustratrice Meili Gernet dite Maou sort &#8220;La F\u00e9d\u00e9ration&#8221;<\/h3>\n<p><a href=\"https:\/\/www.rts.ch\/play\/radio\/pony-express\/audio\/linvitee-de-pony-express--lillustratrice-meili-gernet-dite-maou-sort-la-federation?id=8920552\">Pony Express, Couleur 3, 22.09.2017, 11h36<\/a><\/p>\n<p><iframe loading=\"lazy\" src=\"\/\/tp.srgssr.ch\/p\/srf\/embed?urn=urn:rts:audio:8920552&amp;start=\" name=\"L\" width=\"392\" height=\"58\" frameborder=\"0\" allowfullscreen=\"allowfullscreen\" data-mce-fragment=\"1\"><\/iframe><\/p>\n[\/spb_text_block] [blank_spacer height=&#8221;20px&#8221; width=&#8221;1\/1&#8243; el_position=&#8221;first last&#8221;] [spb_text_block title=&#8221;26.06.2017&#8243; pb_margin_bottom=&#8221;no&#8221; pb_border_bottom=&#8221;no&#8221; width=&#8221;1\/1&#8243; el_position=&#8221;first last&#8221;][\/spb_text_block] [spb_text_block pb_margin_bottom=&#8221;no&#8221; pb_border_bottom=&#8221;no&#8221; width=&#8221;1\/1&#8243; el_position=&#8221;first last&#8221;]\n<h3 class=\"info-sport\">Une BD \u00e9pingle le monde des f\u00e9d\u00e9rations sportives<\/h3>\n<h5><img decoding=\"async\" src=\"http:\/\/www.maou.ch\/wp-content\/uploads\/2015\/03\/Maou.ch_lafederation_24h-2.jpg\" \/><\/h5>\n<p>Publi\u00e9 le 26.06.2017 dans le journal &#8220;24 heures&#8221;.<\/p>\n[\/spb_text_block] [blank_spacer height=&#8221;20px&#8221; width=&#8221;1\/1&#8243; el_position=&#8221;first last&#8221;] [spb_text_block title=&#8221;10.07.2017&#8243; pb_margin_bottom=&#8221;no&#8221; pb_border_bottom=&#8221;no&#8221; width=&#8221;1\/1&#8243; el_position=&#8221;first last&#8221;][\/spb_text_block] [spb_text_block pb_margin_bottom=&#8221;no&#8221; pb_border_bottom=&#8221;no&#8221; width=&#8221;1\/4&#8243; el_position=&#8221;first&#8221;]\n<p><img loading=\"lazy\" decoding=\"async\" class=\"size-full wp-image-6747 aligncenter\" src=\"https:\/\/www.maou.ch\/wp-content\/uploads\/2017\/09\/Maou.ch_LF_extrait3.jpg\" alt=\"\" width=\"1000\" height=\"1481\" srcset=\"https:\/\/www.maou.ch\/wp-content\/uploads\/2017\/09\/Maou.ch_LF_extrait3.jpg 1000w, https:\/\/www.maou.ch\/wp-content\/uploads\/2017\/09\/Maou.ch_LF_extrait3-600x889.jpg 600w, https:\/\/www.maou.ch\/wp-content\/uploads\/2017\/09\/Maou.ch_LF_extrait3-203x300.jpg 203w, https:\/\/www.maou.ch\/wp-content\/uploads\/2017\/09\/Maou.ch_LF_extrait3-768x1137.jpg 768w, https:\/\/www.maou.ch\/wp-content\/uploads\/2017\/09\/Maou.ch_LF_extrait3-691x1024.jpg 691w\" sizes=\"auto, (max-width: 1000px) 100vw, 1000px\" \/><\/p>\n[\/spb_text_block] [spb_text_block pb_margin_bottom=&#8221;no&#8221; pb_border_bottom=&#8221;no&#8221; width=&#8221;3\/4&#8243; el_position=&#8221;last&#8221;]\n<h3 class=\"info-sport\">La F\u00e9d\u00e9ration est notre \u00e9lule de juillet<\/h3>\n<h5><strong>Chaque mois, culturebd choisit un projet sur la plateforme de financement participatif Ulule : son \u00e9lule. Et pour ce mois de juillet, nous avons choisi\u00a0<em>La F\u00e9d\u00e9ration o\u00f9\u00a0<\/em>Meili Gernet raconte les petits et gros travers de la vie d\u2019entreprise avec beaucoup d\u2019humour.<\/strong><\/h5>\n<p>Lire l&#8217;article entier publi\u00e9 le 10.07.2017 sur zoomlemag.com &gt;\u00a0<a href=\"https:\/\/zoolemag.com\/actualites\/articles\/2017\/07\/543-la-federation-est-notre-elule-de-juillet\">https:\/\/zoolemag.com\/actualites\/articles\/2017\/07\/543-la-federation-est-notre-elule-de-juillet<\/a><\/p>\n[\/spb_text_block] [blank_spacer height=&#8221;20px&#8221; width=&#8221;1\/1&#8243; el_position=&#8221;first last&#8221;] [spb_text_block title=&#8221;07.04.2017&#8243; pb_margin_bottom=&#8221;no&#8221; pb_border_bottom=&#8221;no&#8221; width=&#8221;1\/1&#8243; el_position=&#8221;first last&#8221;][\/spb_text_block] [spb_text_block pb_margin_bottom=&#8221;no&#8221; pb_border_bottom=&#8221;no&#8221; width=&#8221;1\/4&#8243; el_position=&#8221;first&#8221;]\n<p><img loading=\"lazy\" decoding=\"async\" class=\"size-full wp-image-7146 aligncenter\" src=\"https:\/\/www.maou.ch\/wp-content\/uploads\/2019\/01\/Photo-03-06-2016-20-15-34.jpg\" alt=\"\" width=\"3264\" height=\"2448\" srcset=\"https:\/\/www.maou.ch\/wp-content\/uploads\/2019\/01\/Photo-03-06-2016-20-15-34.jpg 3264w, https:\/\/www.maou.ch\/wp-content\/uploads\/2019\/01\/Photo-03-06-2016-20-15-34-300x225.jpg 300w, https:\/\/www.maou.ch\/wp-content\/uploads\/2019\/01\/Photo-03-06-2016-20-15-34-768x576.jpg 768w, https:\/\/www.maou.ch\/wp-content\/uploads\/2019\/01\/Photo-03-06-2016-20-15-34-1024x768.jpg 1024w, https:\/\/www.maou.ch\/wp-content\/uploads\/2019\/01\/Photo-03-06-2016-20-15-34-94x70.jpg 94w, https:\/\/www.maou.ch\/wp-content\/uploads\/2019\/01\/Photo-03-06-2016-20-15-34-600x450.jpg 600w, https:\/\/www.maou.ch\/wp-content\/uploads\/2019\/01\/Photo-03-06-2016-20-15-34-900x675.jpg 900w, https:\/\/www.maou.ch\/wp-content\/uploads\/2019\/01\/Photo-03-06-2016-20-15-34-1280x960.jpg 1280w\" sizes=\"auto, (max-width: 3264px) 100vw, 3264px\" \/><\/p>\n[\/spb_text_block] [spb_text_block pb_margin_bottom=&#8221;no&#8221; pb_border_bottom=&#8221;no&#8221; width=&#8221;3\/4&#8243; el_position=&#8221;last&#8221;]\n<h3 class=\"info-sport\">Meili Gernet, avec HEJ!, elle signe une BD d\u00e9capante<\/h3>\n<h5><strong>Meili Gernet dite MAOU a travaill\u00e9 presqu\u2019un an \u00e0 Ikea. Elle en a tir\u00e9 une BD d\u00e9capante qui r\u00e9v\u00e8le l\u2019envers du d\u00e9cor \u00e0 travers les aventures d\u2019une collaboratrice, l\u2019h\u00e9ro\u00efne de la BD : Maou.<\/strong><\/h5>\n<p>Lire l&#8217;article entier publi\u00e9 le 07.04.2017 sur rezonance.ch &gt;\u00a0<a href=\"https:\/\/www.rezonance.ch\/portraits-entrepreneurs\/meili-gernet-hej-signe-bd-decapante\/\">https:\/\/www.rezonance.ch\/portraits-entrepreneurs\/meili-gernet-hej-signe-bd-decapante\/<\/a><\/p>\n[\/spb_text_block] [blank_spacer height=&#8221;20px&#8221; width=&#8221;1\/1&#8243; el_position=&#8221;first last&#8221;] [spb_text_block title=&#8221;09.06.2016&#8243; pb_margin_bottom=&#8221;no&#8221; pb_border_bottom=&#8221;no&#8221; width=&#8221;1\/1&#8243; el_position=&#8221;first last&#8221;][\/spb_text_block] [spb_text_block pb_margin_bottom=&#8221;no&#8221; pb_border_bottom=&#8221;no&#8221; width=&#8221;1\/4&#8243; el_position=&#8221;first&#8221;]\n<p><img loading=\"lazy\" decoding=\"async\" class=\"size-full wp-image-7153 aligncenter\" src=\"https:\/\/www.maou.ch\/wp-content\/uploads\/2019\/01\/Maou.ch_presse_photo_dedicace.jpg\" alt=\"\" width=\"1086\" height=\"1086\" srcset=\"https:\/\/www.maou.ch\/wp-content\/uploads\/2019\/01\/Maou.ch_presse_photo_dedicace.jpg 1086w, https:\/\/www.maou.ch\/wp-content\/uploads\/2019\/01\/Maou.ch_presse_photo_dedicace-150x150.jpg 150w, https:\/\/www.maou.ch\/wp-content\/uploads\/2019\/01\/Maou.ch_presse_photo_dedicace-300x300.jpg 300w, https:\/\/www.maou.ch\/wp-content\/uploads\/2019\/01\/Maou.ch_presse_photo_dedicace-768x768.jpg 768w, https:\/\/www.maou.ch\/wp-content\/uploads\/2019\/01\/Maou.ch_presse_photo_dedicace-1024x1024.jpg 1024w, https:\/\/www.maou.ch\/wp-content\/uploads\/2019\/01\/Maou.ch_presse_photo_dedicace-250x250.jpg 250w, https:\/\/www.maou.ch\/wp-content\/uploads\/2019\/01\/Maou.ch_presse_photo_dedicace-600x600.jpg 600w, https:\/\/www.maou.ch\/wp-content\/uploads\/2019\/01\/Maou.ch_presse_photo_dedicace-100x100.jpg 100w\" sizes=\"auto, (max-width: 1086px) 100vw, 1086px\" \/><\/p>\n[\/spb_text_block] [spb_text_block pb_margin_bottom=&#8221;no&#8221; pb_border_bottom=&#8221;no&#8221; width=&#8221;3\/4&#8243; el_position=&#8221;last&#8221;]\n<h3 class=\"info-sport\">UNE ETUDIANTE DU MASTER INNOKICK PRESENTE SA PREMIERE BD A DELEMONT<\/h3>\n<h5>Dessinatrice, graphiste, illustratrice, entrepreneuse, Meili Gernet, de son nom d\u2019artiste Maou, n\u2019a pas d\u2019\u00e9tiquette fixe. Elle relate son exp\u00e9rience chez un c\u00e9l\u00e8bre distributeur de meubles su\u00e9dois dans \u00abHej!\u00bb, une BD qui \u00e9pingle les travers de cette soci\u00e9t\u00e9 \u2013 et de la n\u00f4tre.<\/h5>\n<p>Lire l&#8217;article entier publi\u00e9 le 09.06.2016 sur le site de la HES-SO &gt;\u00a0<a href=\"https:\/\/www.hes-so.ch\/fr\/etudiante-master-innokick-presente-premiere-8125.html\">https:\/\/www.hes-so.ch\/fr\/etudiante-master-innokick-presente-premiere-8125.html<\/a><\/p>\n[\/spb_text_block] [blank_spacer height=&#8221;20px&#8221; width=&#8221;1\/1&#8243; el_position=&#8221;first last&#8221;] [spb_text_block title=&#8221;07.06.2016&#8243; pb_margin_bottom=&#8221;no&#8221; pb_border_bottom=&#8221;no&#8221; width=&#8221;1\/1&#8243; el_position=&#8221;first last&#8221;][\/spb_text_block] [spb_text_block pb_margin_bottom=&#8221;no&#8221; pb_border_bottom=&#8221;no&#8221; width=&#8221;1\/4&#8243; el_position=&#8221;first&#8221;]\n<p><img loading=\"lazy\" decoding=\"async\" class=\"size-full wp-image-7155 aligncenter\" src=\"https:\/\/www.maou.ch\/wp-content\/uploads\/2019\/01\/Maou.ch_presse_nouvelliste.jpg\" alt=\"\" width=\"750\" height=\"730\" srcset=\"https:\/\/www.maou.ch\/wp-content\/uploads\/2019\/01\/Maou.ch_presse_nouvelliste.jpg 750w, https:\/\/www.maou.ch\/wp-content\/uploads\/2019\/01\/Maou.ch_presse_nouvelliste-300x292.jpg 300w, https:\/\/www.maou.ch\/wp-content\/uploads\/2019\/01\/Maou.ch_presse_nouvelliste-600x584.jpg 600w\" sizes=\"auto, (max-width: 750px) 100vw, 750px\" \/><\/p>\n[\/spb_text_block] [spb_text_block pb_margin_bottom=&#8221;no&#8221; pb_border_bottom=&#8221;no&#8221; width=&#8221;3\/4&#8243; el_position=&#8221;last&#8221;]\n<h3 class=\"info-sport\">Je ne sais pas vraiment dessiner les humains<\/h3>\n<h5>La jeune auteure de bandes dessin\u00e9es bas\u00e9e \u00e0 Renens raconte son exp\u00e9rience chez un grand distributeur de meubles su\u00e9dois avec \u00abHej!\u00bb, sa premi\u00e8re BD. Rafra\u00eechissant, dr\u00f4le et bestial.<\/h5>\n<p>Lire l&#8217;article entier publi\u00e9 le 07.06.2016 \u00e0 00:01 dans le journal &#8220;Le Nouvelliste&#8221; &gt;\u00a0<a href=\"https:\/\/www.lenouvelliste.ch\/articles\/lifestyle\/loisirs-et-culture\/je-ne-sais-pas-vraiment-dessiner-les-humains-542676\">https:\/\/www.lenouvelliste.ch\/articles\/lifestyle\/loisirs-et-culture\/je-ne-sais-pas-vraiment-dessiner-les-humains-542676<\/a><\/p>\n[\/spb_text_block] [blank_spacer height=&#8221;20px&#8221; width=&#8221;1\/1&#8243; el_position=&#8221;first last&#8221;] [spb_text_block title=&#8221;01.06.2016&#8243; pb_margin_bottom=&#8221;no&#8221; pb_border_bottom=&#8221;no&#8221; width=&#8221;1\/1&#8243; el_position=&#8221;first last&#8221;][\/spb_text_block] [spb_text_block pb_margin_bottom=&#8221;no&#8221; pb_border_bottom=&#8221;no&#8221; width=&#8221;1\/4&#8243; el_position=&#8221;first&#8221;]\n<p><img loading=\"lazy\" decoding=\"async\" class=\"size-full wp-image-6715 aligncenter\" src=\"https:\/\/www.maou.ch\/wp-content\/uploads\/2016\/04\/Maou.ch_HEJ_img1.jpg\" alt=\"\" width=\"1000\" height=\"1413\" srcset=\"https:\/\/www.maou.ch\/wp-content\/uploads\/2016\/04\/Maou.ch_HEJ_img1.jpg 1000w, https:\/\/www.maou.ch\/wp-content\/uploads\/2016\/04\/Maou.ch_HEJ_img1-600x848.jpg 600w, https:\/\/www.maou.ch\/wp-content\/uploads\/2016\/04\/Maou.ch_HEJ_img1-212x300.jpg 212w, https:\/\/www.maou.ch\/wp-content\/uploads\/2016\/04\/Maou.ch_HEJ_img1-768x1085.jpg 768w, https:\/\/www.maou.ch\/wp-content\/uploads\/2016\/04\/Maou.ch_HEJ_img1-725x1024.jpg 725w\" sizes=\"auto, (max-width: 1000px) 100vw, 1000px\" \/><\/p>\n[\/spb_text_block] [spb_text_block pb_margin_bottom=&#8221;no&#8221; pb_border_bottom=&#8221;no&#8221; width=&#8221;3\/4&#8243; el_position=&#8221;last&#8221;]\n<h3>HEJ!<\/h3>\n<h5>Bienvenue dans l\u02b9univers d\u02b9Ihea, avec un H, un magasin de meubles sobres et pas cher qui sert de d\u00e9cor \u00e0 la premi\u00e8re BD de Maou. Maou est une \u00e9tudiante fauch\u00e9e qui a besoin d\u02b9un job, qu\u02b9elle va trouver chez le g\u00e9ant su\u00e9dois. On la suit durant toute sa courte carri\u00e8re, de sa remise de badge le premier jour \u00e0 la restitution de son uniforme le dernier. Entre deux, c\u02b9est une succession de journ\u00e9es monotones pass\u00e9es \u00e0 la caisse du magasin.<br \/>\n&#8220;Hej!&#8221; est une BD animali\u00e8re au graphisme soign\u00e9 qui nous ouvre les portes de l&#8217;absurdit\u00e9 du magasin du design \u00e0 bas prix. Publi\u00e9 aux \u00e9ditions H\u00e9lice H\u00e9las.<\/h5>\n<p><a href=\"https:\/\/www.rts.ch\/play\/radio\/dans-la-peau-danne\/audio\/hej?id=7730256\">Dans la peau d&#8217;Anne, Couleur 3, 01.06.2016, 08h21\u00a0<\/a><\/p>\n<p><iframe loading=\"lazy\" src=\"\/\/tp.srgssr.ch\/p\/srf\/embed?urn=urn:rts:audio:7730256&amp;start=\" name=\"Hej!\" width=\"392\" height=\"58\" frameborder=\"0\" allowfullscreen=\"allowfullscreen\" data-mce-fragment=\"1\"><\/iframe><\/p>\n[\/spb_text_block]","protected":false},"excerpt":{"rendered":"<p>[spb_text_block title=&#8221;16.09.2021&#8243; pb_margin_bottom=&#8221;no&#8221; pb_border_bottom=&#8221;no&#8221; width=&#8221;1\/1&#8243; el_position=&#8221;first last&#8221;][\/spb_text_block] [spb_text_block pb_margin_bottom=&#8221;no&#8221; pb_border_bottom=&#8221;no&#8221; width=&#8221;1\/3&#8243; el_position=&#8221;first&#8221;] [\/spb_text_block] [spb_text_block pb_margin_bottom=&#8221;no&#8221; pb_border_bottom=&#8221;no&#8221; width=&#8221;2\/3&#8243; el_position=&#8221;last&#8221;] BDFIL: \u00e0 la d\u00e9couverte de Maou, une jeune dessinatrice La Bande dessin\u00e9e \u00e0 l\u2019honneur \u00e0 Lausanne, avec le coup d\u2019envoi ce jeudi de BDFIL. Au programme des expos, des rencontres avec les auteurs et surtout beaucoup de lectures \u00e0 d\u00e9couvrir. Cette ann\u00e9e, [&hellip;]<\/p>","protected":false},"author":1,"featured_media":0,"parent":0,"menu_order":0,"comment_status":"closed","ping_status":"closed","template":"","meta":{"footnotes":"","_links_to":"","_links_to_target":""},"class_list":["post-7125","page","type-page","status-publish","hentry"],"_links":{"self":[{"href":"http:\/\/www.maou.ch\/fr\/wp-json\/wp\/v2\/pages\/7125","targetHints":{"allow":["GET"]}}],"collection":[{"href":"http:\/\/www.maou.ch\/fr\/wp-json\/wp\/v2\/pages"}],"about":[{"href":"http:\/\/www.maou.ch\/fr\/wp-json\/wp\/v2\/types\/page"}],"author":[{"embeddable":true,"href":"http:\/\/www.maou.ch\/fr\/wp-json\/wp\/v2\/users\/1"}],"replies":[{"embeddable":true,"href":"http:\/\/www.maou.ch\/fr\/wp-json\/wp\/v2\/comments?post=7125"}],"version-history":[{"count":66,"href":"http:\/\/www.maou.ch\/fr\/wp-json\/wp\/v2\/pages\/7125\/revisions"}],"predecessor-version":[{"id":8378,"href":"http:\/\/www.maou.ch\/fr\/wp-json\/wp\/v2\/pages\/7125\/revisions\/8378"}],"wp:attachment":[{"href":"http:\/\/www.maou.ch\/fr\/wp-json\/wp\/v2\/media?parent=7125"}],"curies":[{"name":"wp","href":"https:\/\/api.w.org\/{rel}","templated":true}]}}